{"id":344,"date":"2018-09-10T08:32:24","date_gmt":"2018-09-10T06:32:24","guid":{"rendered":"http:\/\/metiers-horlogerie.ch\/?page_id=344"},"modified":"2021-03-23T09:36:07","modified_gmt":"2021-03-23T08:36:07","slug":"kontakt","status":"publish","type":"page","link":"https:\/\/metiers-horlogerie.ch\/de\/kontakt\/","title":{"rendered":"Kontakt"},"content":{"rendered":"<div class=\"vce-row-container\" data-vce-boxed-width=\"true\"><div class=\"vce-row vce-row--col-gap-30 padding-bottom vce-row-columns--top vce-row-content--top\" id=\"el-33691ee3\" data-vce-do-apply=\"all el-33691ee3\"><div class=\"vce-row-content\" data-vce-element-content=\"true\"><div class=\"vce-col vce-col--md-100p vce-col--xs-1 vce-col--xs-last vce-col--xs-first vce-col--sm-last vce-col--sm-first vce-col--md-last vce-col--lg-last vce-col--xl-last vce-col--md-first vce-col--lg-first vce-col--xl-first\" id=\"el-1699ef67\"><div class=\"vce-col-inner\" data-vce-do-apply=\"border margin background  el-1699ef67\"><div class=\"vce-col-content\" data-vce-element-content=\"true\" data-vce-do-apply=\"padding el-1699ef67\"><\/div><\/div><\/div><\/div><\/div><\/div><div class=\"vce-row-container\" data-vce-boxed-width=\"true\"><div class=\"vce-row vce-row--col-gap-30 txt-grey-background vce-row-columns--top vce-row-content--top\" id=\"el-ebf00677\" data-vce-do-apply=\"all el-ebf00677\"><div class=\"vce-row-content\" data-vce-element-content=\"true\"><div class=\"vce-col vce-col--md-100p vce-col--xs-1 vce-col--xs-last vce-col--xs-first vce-col--sm-last vce-col--sm-first vce-col--md-last vce-col--lg-last vce-col--xl-last vce-col--md-first vce-col--lg-first vce-col--xl-first col-small-left padding-top\" id=\"el-3a38720c\"><div class=\"vce-col-inner\" data-vce-do-apply=\"border margin background  el-3a38720c\"><div class=\"vce-col-content\" data-vce-element-content=\"true\" data-vce-do-apply=\"padding el-3a38720c\"><div class=\"vce-text-block\"><div class=\"vce-text-block-wrapper vce\" id=\"el-4efce743\" data-vce-do-apply=\"all el-4efce743\"><h2>Technische Fachschulen<\/h2><\/div><\/div><\/div><\/div><\/div><\/div><\/div><\/div><div class=\"vce-row-container\" data-vce-boxed-width=\"true\"><div class=\"vce-row vce-row--col-gap-0 txt-grey-background vce-row-columns--top vce-row-content--top\" id=\"el-09261f60\" data-vce-do-apply=\"all el-09261f60\"><div class=\"vce-row-content\" data-vce-element-content=\"true\"><div class=\"vce-col vce-col--md-33-33p vce-col--xs-1 vce-col--xs-last vce-col--xs-first vce-col--sm-last vce-col--sm-first vce-col--md-first vce-col--lg-first vce-col--xl-first col-medium-left  col-small-right\" id=\"el-ae86cba4\"><div class=\"vce-col-inner\" data-vce-do-apply=\"border margin background  el-ae86cba4\"><div class=\"vce-col-content\" data-vce-element-content=\"true\" data-vce-do-apply=\"padding el-ae86cba4\"><div class=\"vce-text-block\"><div class=\"vce-text-block-wrapper vce\" id=\"el-2e013aaf\" data-vce-do-apply=\"all el-2e013aaf\"><p><strong>CEFF - Centre de formation professionnelle Berne francophone<br><\/strong>INDUSTRIE<br>Rue B.-Savoye 26, 2610 St-Imier<br><a href=\"tel:0329424344\">Tel. 032 942 43 44<\/a><br><a href=\"mailto:industrie@ceff.ch\">industrie@ceff.ch<\/a><\/p><\/div><\/div><div class=\"vce-text-block\"><div class=\"vce-text-block-wrapper vce\" id=\"el-ea45c5c4\" data-vce-do-apply=\"all el-ea45c5c4\"><a class=\"button\" href=\"http:\/\/www.ceff.ch\/accueil\/\" target=\"_blank\" rel=\"noopener noreferrer\">mehr<\/a><\/div><\/div><\/div><\/div><\/div><div class=\"vce-col vce-col--md-33-33p vce-col--xs-1 vce-col--xs-last vce-col--xs-first vce-col--sm-last vce-col--sm-first col-medium-left  col-small-right\" id=\"el-15b1688f\"><div class=\"vce-col-inner\" data-vce-do-apply=\"border margin background  el-15b1688f\"><div class=\"vce-col-content\" data-vce-element-content=\"true\" data-vce-do-apply=\"padding el-15b1688f\"><div class=\"vce-text-block\"><div class=\"vce-text-block-wrapper vce\" id=\"el-0481f6e1\" data-vce-do-apply=\"all el-0481f6e1\"><p><strong>CEJEF- Division technique<br><\/strong>Cit\u00e9 des Microtechniques, 2900 Porrentruy<br><a href=\"tel:0324653550\">Tel. 032&nbsp;465&nbsp;35&nbsp;50<\/a><br><a href=\"mailto:info@divtec.ch\">info@divtec.ch<\/a><\/p><\/div><\/div><div class=\"vce-text-block\"><div class=\"vce-text-block-wrapper vce\" id=\"el-ed0ac281\" data-vce-do-apply=\"all el-ed0ac281\"><a class=\"button\" href=\"https:\/\/www.divtec.ch\/\" target=\"_blank\" rel=\"noopener noreferrer\">mehr<\/a><\/div><\/div><\/div><\/div><\/div><div class=\"vce-col vce-col--md-33-33p vce-col--xs-1 vce-col--xs-last vce-col--xs-first vce-col--sm-last vce-col--sm-first vce-col--md-last vce-col--lg-last vce-col--xl-last col-medium-left col-small-right\" id=\"el-e059c366\"><div class=\"vce-col-inner\" data-vce-do-apply=\"border margin background  el-e059c366\"><div class=\"vce-col-content\" data-vce-element-content=\"true\" data-vce-do-apply=\"padding el-e059c366\"><div class=\"vce-text-block\"><div class=\"vce-text-block-wrapper vce\" id=\"el-c8008ee5\" data-vce-do-apply=\"all el-c8008ee5\"><p><strong>CFP Biel-Bienne - Lyc\u00e9e Technique<br><\/strong>Rue de la Gabelle 18, Case postale 4264, 2500 Bienne 4<br><a href=\"tel:0323443811\">Tel. 032&nbsp;344&nbsp;38 11<\/a><br><a href=\"mailto:lt@cfp-bienne.ch\">lt@cfp-bienne.ch<\/a><\/p><\/div><\/div><div class=\"vce-text-block\"><div class=\"vce-text-block-wrapper vce\" id=\"el-77059565\" data-vce-do-apply=\"all el-77059565\"><a class=\"button\" href=\"https:\/\/www.bbz-biel.ch\" target=\"_blank\" rel=\"noopener noreferrer\">mehr<\/a><\/div><\/div><\/div><\/div><\/div><\/div><\/div><\/div><div class=\"vce-row-container\" data-vce-boxed-width=\"true\"><div class=\"vce-row vce-row--col-gap-0 txt-grey-background vce-row-columns--top vce-row-content--top\" id=\"el-444b8596\" data-vce-do-apply=\"all el-444b8596\"><div class=\"vce-row-content\" data-vce-element-content=\"true\"><div class=\"vce-col vce-col--md-33-33p vce-col--xs-1 vce-col--xs-last vce-col--xs-first vce-col--sm-last vce-col--sm-first vce-col--md-first vce-col--lg-first vce-col--xl-first col-medium-left  col-small-right\" id=\"el-74701e3c\"><div class=\"vce-col-inner\" data-vce-do-apply=\"border margin background  el-74701e3c\"><div class=\"vce-col-content\" data-vce-element-content=\"true\" data-vce-do-apply=\"padding el-74701e3c\"><div class=\"vce-text-block\"><div class=\"vce-text-block-wrapper vce\" id=\"el-bb100146\" data-vce-do-apply=\"all el-bb100146\"><p><strong>CFPT- Ecole d'horlogerie<br><\/strong>Route du Pont-Butin 43, 1213 Petit-Lancy 1<br><a href=\"tel:0223888709\">Tel. 022&nbsp;388&nbsp;87 09<\/a><br><a href=\"mailto:secretariat-cfpt@etat.ge.ch\">secretariat-cfpt@etat.ge.ch<\/a><\/p><\/div><\/div><div class=\"vce-text-block\"><div class=\"vce-text-block-wrapper vce\" id=\"el-79884c93\" data-vce-do-apply=\"all el-79884c93\"><a class=\"button\" href=\"https:\/\/www.ge.ch\/document\/centre-formation-professionnelle-technique-0\" target=\"_blank\" rel=\"noopener noreferrer\">mehr<\/a><\/div><\/div><\/div><\/div><\/div><div class=\"vce-col vce-col--md-33-33p vce-col--xs-1 vce-col--xs-last vce-col--xs-first vce-col--sm-last vce-col--sm-first col-medium-left  col-small-right\" id=\"el-65949e40\"><div class=\"vce-col-inner\" data-vce-do-apply=\"border margin background  el-65949e40\"><div class=\"vce-col-content\" data-vce-element-content=\"true\" data-vce-do-apply=\"padding el-65949e40\"><div class=\"vce-text-block\"><div class=\"vce-text-block-wrapper vce\" id=\"el-218b32a4\" data-vce-do-apply=\"all el-218b32a4\"><p><b>CIFOM - Centre interr\u00e9gional de formation des Montagnes neuch\u00e2teloises<br><\/b>Ecole technique (ET), Rue Klaus 1, 2400 Le Locle<br><a href=\"tel:0328863232\">Tel. 032 886 32 32<\/a><br><a href=\"mailto:et@rpn.ch\">et@rpn.ch<\/a><\/p><\/div><\/div><div class=\"vce-text-block\"><div class=\"vce-text-block-wrapper vce\" id=\"el-73508655\" data-vce-do-apply=\"all el-73508655\"><a class=\"button\" href=\"https:\/\/www.cifom.ch\/\" target=\"_blank\" rel=\"noopener noreferrer\">mehr<\/a><\/div><\/div><\/div><\/div><\/div><div class=\"vce-col vce-col--md-33-33p vce-col--xs-1 vce-col--xs-last vce-col--xs-first vce-col--sm-last vce-col--sm-first vce-col--md-last vce-col--lg-last vce-col--xl-last col-medium-left col-small-right\" id=\"el-1fe6dc1d\"><div class=\"vce-col-inner\" data-vce-do-apply=\"border margin background  el-1fe6dc1d\"><div class=\"vce-col-content\" data-vce-element-content=\"true\" data-vce-do-apply=\"padding el-1fe6dc1d\"><div class=\"vce-text-block\"><div class=\"vce-text-block-wrapper vce\" id=\"el-e8526835\" data-vce-do-apply=\"all el-e8526835\"><p><strong>ETVJ - Ecole technique de la Vall\u00e9e de Joux<\/strong><br>Rue G.-H. Piguet 41, 1347 Le Sentier<br><a href=\"tel:0215574300\">Tel. 021 557 43 00<\/a><br><a href=\"mailto:secretariat.etvj@vd.ch\">secretariat.etvj@vd.ch<\/a><\/p><\/div><\/div><div class=\"vce-text-block\"><div class=\"vce-text-block-wrapper vce\" id=\"el-f56664f7\" data-vce-do-apply=\"all el-f56664f7\"><p><a class=\"button\" href=\"https:\/\/www.vd.ch\/themes\/formation\/etablissements-de-formation\/ecole-technique-de-la-vallee-de-joux\/\" target=\"_blank\" rel=\"noopener noreferrer\">mehr<\/a><\/p><\/div><\/div><\/div><\/div><\/div><\/div><\/div><\/div><div class=\"vce-row-container\" data-vce-boxed-width=\"true\"><div class=\"vce-row vce-row--col-gap-30 txt-grey-background padding-bottom vce-row-columns--top vce-row-content--top\" id=\"el-79344b64\" data-vce-do-apply=\"all el-79344b64\"><div class=\"vce-row-content\" data-vce-element-content=\"true\"><div class=\"vce-col vce-col--md-33-33p vce-col--xs-1 vce-col--xs-last vce-col--xs-first vce-col--sm-last vce-col--sm-first vce-col--md-first vce-col--lg-first vce-col--xl-first col-medium-left  col-small-right\" id=\"el-2f6156b2\"><div class=\"vce-col-inner\" data-vce-do-apply=\"border margin background  el-2f6156b2\"><div class=\"vce-col-content\" data-vce-element-content=\"true\" data-vce-do-apply=\"padding el-2f6156b2\"><div class=\"vce-text-block\"><div class=\"vce-text-block-wrapper vce\" id=\"el-954c4ba6\" data-vce-do-apply=\"all el-954c4ba6\"><p><strong>ZeitZentrum Uhrmacherschule Grenchen<\/strong><br>Sportstrasse 2, 2540 Granges<br><a href=\"tel:0326542700\">Tel. 032 654 27 00<\/a><br><a href=\"mailto:zeitzentrum@dbk.so.ch\">zeitzentrum@dbk.so.ch<\/a><\/p><\/div><\/div><div class=\"vce-text-block\"><div class=\"vce-text-block-wrapper vce\" id=\"el-7e6347fb\" data-vce-do-apply=\"all el-7e6347fb\"><a class=\"button\" href=\"http:\/\/bbzsogr.so.ch\/httpwww.zeitzentrumsoch\/\" target=\"_blank\" rel=\"noopener noreferrer\">mehr<\/a><\/div><\/div><\/div><\/div><\/div><div class=\"vce-col vce-col--md-33-33p vce-col--xs-1 vce-col--xs-last vce-col--xs-first vce-col--sm-last vce-col--sm-first\" id=\"el-87f7dc2b\"><div class=\"vce-col-inner\" data-vce-do-apply=\"border margin background  el-87f7dc2b\"><div class=\"vce-col-content\" data-vce-element-content=\"true\" data-vce-do-apply=\"padding el-87f7dc2b\"><\/div><\/div><\/div><div class=\"vce-col vce-col--md-33-33p vce-col--xs-1 vce-col--xs-last vce-col--xs-first vce-col--sm-last vce-col--sm-first vce-col--md-last vce-col--lg-last vce-col--xl-last\" id=\"el-d376518d\"><div class=\"vce-col-inner\" data-vce-do-apply=\"border margin background  el-d376518d\"><div class=\"vce-col-content\" data-vce-element-content=\"true\" data-vce-do-apply=\"padding el-d376518d\"><\/div><\/div><\/div><\/div><\/div><\/div><div class=\"vce-row-container\" data-vce-boxed-width=\"true\"><div class=\"vce-row vce-row--col-gap-30 padding-bottom vce-row-columns--top vce-row-content--top\" id=\"el-8e62fb7d\" data-vce-do-apply=\"all el-8e62fb7d\"><div class=\"vce-row-content\" data-vce-element-content=\"true\"><div class=\"vce-col vce-col--md-100p vce-col--xs-1 vce-col--xs-last vce-col--xs-first vce-col--sm-last vce-col--sm-first vce-col--md-last vce-col--lg-last vce-col--xl-last vce-col--md-first vce-col--lg-first vce-col--xl-first\" id=\"el-4eea3e05\"><div class=\"vce-col-inner\" data-vce-do-apply=\"border margin background  el-4eea3e05\"><div class=\"vce-col-content\" data-vce-element-content=\"true\" data-vce-do-apply=\"padding el-4eea3e05\"><\/div><\/div><\/div><\/div><\/div><\/div><div class=\"vce-row-container\" data-vce-boxed-width=\"true\"><div class=\"vce-row vce-row--col-gap-30 txt-grey-background vce-row-columns--top vce-row-content--top\" id=\"el-48b99e67\" data-vce-do-apply=\"all el-48b99e67\"><div class=\"vce-row-content\" data-vce-element-content=\"true\"><div class=\"vce-col vce-col--md-100p vce-col--xs-1 vce-col--xs-last vce-col--xs-first vce-col--sm-last vce-col--sm-first vce-col--md-last vce-col--lg-last vce-col--xl-last vce-col--md-first vce-col--lg-first vce-col--xl-first col-small-left padding-top\" id=\"el-cfadd403\"><div class=\"vce-col-inner\" data-vce-do-apply=\"border margin background  el-cfadd403\"><div class=\"vce-col-content\" data-vce-element-content=\"true\" data-vce-do-apply=\"padding el-cfadd403\"><div class=\"vce-text-block\"><div class=\"vce-text-block-wrapper vce\" id=\"el-fc566d03\" data-vce-do-apply=\"all el-fc566d03\"><h2>Bildungszentren f\u00fcr Erwachsene<\/h2><\/div><\/div><\/div><\/div><\/div><\/div><\/div><\/div><div class=\"vce-row-container\" data-vce-boxed-width=\"true\"><div class=\"vce-row vce-row--col-gap-0 txt-grey-background vce-row-columns--top vce-row-content--top\" id=\"el-d25bba11\" data-vce-do-apply=\"all el-d25bba11\"><div class=\"vce-row-content\" data-vce-element-content=\"true\"><div class=\"vce-col vce-col--md-33-33p vce-col--xs-1 vce-col--xs-last vce-col--xs-first vce-col--sm-last vce-col--sm-first vce-col--md-first vce-col--lg-first vce-col--xl-first col-medium-left  col-small-right\" id=\"el-f05c232f\"><div class=\"vce-col-inner\" data-vce-do-apply=\"border margin background  el-f05c232f\"><div class=\"vce-col-content\" data-vce-element-content=\"true\" data-vce-do-apply=\"padding el-f05c232f\"><div class=\"vce-text-block\"><div class=\"vce-text-block-wrapper vce\" id=\"el-d6554077\" data-vce-do-apply=\"all el-d6554077\"><p><strong>CIFOM \u2013 P\u00f4le technologies et industrie<br><\/strong>Klaus 1, 2400 Le Locle<br><br><\/p><\/div><\/div><div class=\"vce-text-block\"><div class=\"vce-text-block-wrapper vce\" id=\"el-55db4ee3\" data-vce-do-apply=\"all el-55db4ee3\"><p><a class=\"button\" href=\"https:\/\/www.cpne.ch\/\" target=\"_blank\" rel=\"noopener noreferrer\">mehr<\/a><\/p><\/div><\/div><\/div><\/div><\/div><div class=\"vce-col vce-col--md-33-33p vce-col--xs-1 vce-col--xs-last vce-col--xs-first vce-col--sm-last vce-col--sm-first col-medium-left  col-small-right\" id=\"el-e1a60b31\"><div class=\"vce-col-inner\" data-vce-do-apply=\"border margin background  el-e1a60b31\"><div class=\"vce-col-content\" data-vce-element-content=\"true\" data-vce-do-apply=\"padding el-e1a60b31\"><div class=\"vce-text-block\"><div class=\"vce-text-block-wrapper vce\" id=\"el-e32494eb\" data-vce-do-apply=\"all el-e32494eb\"><p><strong>CIP - Centre interr\u00e9gional de perfectionnement<br><\/strong>Chemin des Lovi\u00e8res 13, 2720 Tramelan<br><a href=\"tel:0324860606\">Tel. 032&nbsp;486&nbsp;06&nbsp;06<\/a><br><a href=\"mailto:cip@cip-tramelan.ch\">cip@cip-tramelan.ch<\/a><\/p><\/div><\/div><div class=\"vce-text-block\"><div class=\"vce-text-block-wrapper vce\" id=\"el-a3893b5f\" data-vce-do-apply=\"all el-a3893b5f\"><a class=\"button\" href=\"https:\/\/www.cip-tramelan.ch\/\" target=\"_blank\" rel=\"noopener noreferrer\">mehr<\/a><\/div><\/div><\/div><\/div><\/div><div class=\"vce-col vce-col--md-33-33p vce-col--xs-1 vce-col--xs-last vce-col--xs-first vce-col--sm-last vce-col--sm-first vce-col--md-last vce-col--lg-last vce-col--xl-last col-medium-left col-small-right\" id=\"el-be3aac67\"><div class=\"vce-col-inner\" data-vce-do-apply=\"border margin background  el-be3aac67\"><div class=\"vce-col-content\" data-vce-element-content=\"true\" data-vce-do-apply=\"padding el-be3aac67\"><div class=\"vce-text-block\"><div class=\"vce-text-block-wrapper vce\" id=\"el-6df0e63b\" data-vce-do-apply=\"all el-6df0e63b\"><p><strong>CNIP - Centre Neuch\u00e2telois d'Int\u00e9gration Professionnelle<br><\/strong>Site Dubied 12, 2108 Couvet<br><a href=\"tel:0328896925\">Tel. 032&nbsp;889&nbsp;69&nbsp;25<\/a><br><a href=\"mailto:contact@cnip.ch\">contact@cnip.ch<\/a><\/p><\/div><\/div><div class=\"vce-text-block\"><div class=\"vce-text-block-wrapper vce\" id=\"el-22bbc91e\" data-vce-do-apply=\"all el-22bbc91e\"><a class=\"button\" href=\"https:\/\/www.cnip.ch\" target=\"_blank\" rel=\"noopener noreferrer\">mehr<\/a><\/div><\/div><\/div><\/div><\/div><\/div><\/div><\/div><div class=\"vce-row-container\" data-vce-boxed-width=\"true\"><div class=\"vce-row vce-row--col-gap-0 txt-grey-background vce-row-columns--top vce-row-content--top\" id=\"el-7c4f0fd5\" data-vce-do-apply=\"all el-7c4f0fd5\"><div class=\"vce-row-content\" data-vce-element-content=\"true\"><div class=\"vce-col vce-col--md-33-33p vce-col--xs-1 vce-col--xs-last vce-col--xs-first vce-col--sm-last vce-col--sm-first vce-col--md-first vce-col--lg-first vce-col--xl-first col-medium-left  col-small-right\" id=\"el-ea0c62d8\"><div class=\"vce-col-inner\" data-vce-do-apply=\"border margin background  el-ea0c62d8\"><div class=\"vce-col-content\" data-vce-element-content=\"true\" data-vce-do-apply=\"padding el-ea0c62d8\"><div class=\"vce-text-block\"><div class=\"vce-text-block-wrapper vce\" id=\"el-60f492f7\" data-vce-do-apply=\"all el-60f492f7\"><p><strong>EFEJ - Espace Formation Emploi Jura<br><\/strong>Rue de la P\u00e2le 39, Case postale 60, 2854 Bassecourt<br><a href=\"tel:0324209100\">Tel. 032&nbsp;420 91 00<\/a><br><a href=\"mailto:efej.info@jura.ch\">efej.info@jura.ch<\/a><\/p><\/div><\/div><div class=\"vce-text-block\"><div class=\"vce-text-block-wrapper vce\" id=\"el-5a85a357\" data-vce-do-apply=\"all el-5a85a357\"><a class=\"button\" href=\"https:\/\/www.jura.ch\/DES\/SEE\/AMT\/Emploi-Chomage\/EFEJ-Espace-Formation-Emploi-Jura\/Espace-Formation-Emploi-Jura-EFEJ.html\" target=\"_blank\" rel=\"noopener noreferrer\">mehr<\/a><\/div><\/div><\/div><\/div><\/div><div class=\"vce-col vce-col--md-33-33p vce-col--xs-1 vce-col--xs-last vce-col--xs-first vce-col--sm-last vce-col--sm-first col-medium-left  col-small-right\" id=\"el-3e4a1cc6\"><div class=\"vce-col-inner\" data-vce-do-apply=\"border margin background  el-3e4a1cc6\"><div class=\"vce-col-content\" data-vce-element-content=\"true\" data-vce-do-apply=\"padding el-3e4a1cc6\"><div class=\"vce-text-block\"><div class=\"vce-text-block-wrapper vce\" id=\"el-c6663427\" data-vce-do-apply=\"all el-c6663427\"><p><strong>Fondation Battenberg - Centre de formation professionnelle<br><\/strong>Rue du Midi 55, Case postale, 2504 Bienne<br><a href=\"tel:0323442522\">Tel. 032&nbsp;344&nbsp;25&nbsp;22<\/a><br><a href=\"mailto:info@battenberg.ch\">info@battenberg.ch<\/a><\/p><\/div><\/div><div class=\"vce-text-block\"><div class=\"vce-text-block-wrapper vce\" id=\"el-4e0ea6c4\" data-vce-do-apply=\"all el-4e0ea6c4\"><a class=\"button\" href=\"https:\/\/www.battenberg.ch\" target=\"_blank\" rel=\"noopener noreferrer\">mehr<\/a><\/div><\/div><\/div><\/div><\/div><div class=\"vce-col vce-col--md-33-33p vce-col--xs-1 vce-col--xs-last vce-col--xs-first vce-col--sm-last vce-col--sm-first vce-col--md-last vce-col--lg-last vce-col--xl-last col-medium-left col-small-right\" id=\"el-81e42bd3\"><div class=\"vce-col-inner\" data-vce-do-apply=\"border margin background  el-81e42bd3\"><div class=\"vce-col-content\" data-vce-element-content=\"true\" data-vce-do-apply=\"padding el-81e42bd3\"><div class=\"vce-text-block\"><div class=\"vce-text-block-wrapper vce\" id=\"el-74f3ab5a\" data-vce-do-apply=\"all el-74f3ab5a\"><p><strong>GRETA du Haut-Doubs<br><\/strong>Site de Morteau 4, rue d'Etain, 25500 Morteau<br><a href=\"tel:0033381674025\">Tel. &nbsp;0033&nbsp;(0)3&nbsp;81&nbsp;67&nbsp;40&nbsp;25<\/a><br><a href=\"mailto:gretahd.morteau@ac-besancon.fr\">gretahd.morteau@ac-besancon.fr<\/a><\/p><\/div><\/div><div class=\"vce-text-block\"><div class=\"vce-text-block-wrapper vce\" id=\"el-d4de63c5\" data-vce-do-apply=\"all el-d4de63c5\"><a class=\"button\" href=\"https:\/\/greta-franche-comte.fr\/greta\/haut-doubs\/\" target=\"_blank\" rel=\"noopener noreferrer\">mehr<\/a><\/div><\/div><\/div><\/div><\/div><\/div><\/div><\/div><div class=\"vce-row-container\" data-vce-boxed-width=\"true\"><div class=\"vce-row vce-row--col-gap-0 txt-grey-background vce-row-columns--top vce-row-content--top\" id=\"el-e59b81da\" data-vce-do-apply=\"all el-e59b81da\"><div class=\"vce-row-content\" data-vce-element-content=\"true\"><div class=\"vce-col vce-col--md-33-33p vce-col--xs-1 vce-col--xs-last vce-col--xs-first vce-col--sm-last vce-col--sm-first vce-col--md-first vce-col--lg-first vce-col--xl-first col-medium-left  col-small-right\" id=\"el-c9a44942\"><div class=\"vce-col-inner\" data-vce-do-apply=\"border margin background  el-c9a44942\"><div class=\"vce-col-content\" data-vce-element-content=\"true\" data-vce-do-apply=\"padding el-c9a44942\"><div class=\"vce-text-block\"><div class=\"vce-text-block-wrapper vce\" id=\"el-b6253897\" data-vce-do-apply=\"all el-b6253897\"><p><strong>Ifage - Fondation pour la formation des adultes<br><\/strong>INDUSTRIE &amp; B\u00c2TIMENT<br>Rampe du Pont-Rouge, 1213 Petit-Lancy<br><a href=\"tel:0228073084\">Tel. 022 807 30 84<\/a><br><a href=\"mailto:techind@ifage.ch\">techind@ifage.ch<\/a><\/p><\/div><\/div><div class=\"vce-text-block\"><div class=\"vce-text-block-wrapper vce\" id=\"el-58375173\" data-vce-do-apply=\"all el-58375173\"><a class=\"button\" href=\"http:\/\/www.ifage.ch\" target=\"_blank\" rel=\"noopener noreferrer\">mehr<\/a><\/div><\/div><\/div><\/div><\/div><div class=\"vce-col vce-col--md-33-33p vce-col--xs-1 vce-col--xs-last vce-col--xs-first vce-col--sm-last vce-col--sm-first col-medium-left  col-small-right\" id=\"el-bbf63278\"><div class=\"vce-col-inner\" data-vce-do-apply=\"border margin background  el-bbf63278\"><div class=\"vce-col-content\" data-vce-element-content=\"true\" data-vce-do-apply=\"padding el-bbf63278\"><div class=\"vce-text-block\"><div class=\"vce-text-block-wrapper vce\" id=\"el-94d78360\" data-vce-do-apply=\"all el-94d78360\"><p><strong>Orif - Int\u00e9gration et formation professionnelle<br><\/strong>Site de La Chaux-de-Fonds<br>Rue de la Paix 152, 2300 La Chaux-de-Fonds<br><a href=\"tel:0329242140\">Tel. 032 924 21 40<\/a><br><a href=\"mailto:lachauxdefonds@orif.ch\">lachauxdefonds@orif.ch<\/a><\/p><\/div><\/div><div class=\"vce-text-block\"><div class=\"vce-text-block-wrapper vce\" id=\"el-77d6af34\" data-vce-do-apply=\"all el-77d6af34\"><a class=\"button\" href=\"https:\/\/www.orif.ch\" target=\"_blank\" rel=\"noopener noreferrer\">mehr<\/a><\/div><\/div><\/div><\/div><\/div><div class=\"vce-col vce-col--md-33-33p vce-col--xs-1 vce-col--xs-last vce-col--xs-first vce-col--sm-last vce-col--sm-first vce-col--md-last vce-col--lg-last vce-col--xl-last col-medium-left col-small-right\" id=\"el-eca800f1\"><div class=\"vce-col-inner\" data-vce-do-apply=\"border margin background  el-eca800f1\"><div class=\"vce-col-content\" data-vce-element-content=\"true\" data-vce-do-apply=\"padding el-eca800f1\"><div class=\"vce-text-block\"><div class=\"vce-text-block-wrapper vce\" id=\"el-40054bab\" data-vce-do-apply=\"all el-40054bab\"><p><strong>Orif - Int\u00e9gration et formation professionnelle<br><\/strong>Site de Del\u00e9mont<br>Rue St-Maurice 7, 2800 Del\u00e9mont<br><a href=\"tel:0324234710\">Tel. 032 423 47 10<\/a><br><a href=\"mailto:delemont@orif.ch\">delemont@orif.ch<\/a><\/p><\/div><\/div><div class=\"vce-text-block\"><div class=\"vce-text-block-wrapper vce\" id=\"el-9baf0a93\" data-vce-do-apply=\"all el-9baf0a93\"><a class=\"button\" href=\"https:\/\/www.orif.ch\" target=\"_blank\" rel=\"noopener noreferrer\">mehr<\/a><\/div><\/div><\/div><\/div><\/div><\/div><\/div><\/div><div class=\"vce-row-container\" data-vce-boxed-width=\"true\"><div class=\"vce-row vce-row--col-gap-0 txt-grey-background padding-bottom vce-row-columns--top vce-row-content--top\" id=\"el-d121cd9c\" data-vce-do-apply=\"all el-d121cd9c\"><div class=\"vce-row-content\" data-vce-element-content=\"true\"><div class=\"vce-col vce-col--md-33-33p vce-col--xs-1 vce-col--xs-last vce-col--xs-first vce-col--sm-last vce-col--sm-first vce-col--md-first vce-col--lg-first vce-col--xl-first col-medium-left  col-small-right\" id=\"el-5918003b\"><div class=\"vce-col-inner\" data-vce-do-apply=\"border margin background  el-5918003b\"><div class=\"vce-col-content\" data-vce-element-content=\"true\" data-vce-do-apply=\"padding el-5918003b\"><div class=\"vce-text-block\"><div class=\"vce-text-block-wrapper vce\" id=\"el-b196ddf6\" data-vce-do-apply=\"all el-b196ddf6\"><p><strong>Orif - Int\u00e9gration et formation professionnelle<br><\/strong>Site de Morges<br>Chemin de Bellevue 8, 1110 Morges<br><a href=\"tel:0218028383\">Tel. 021 802 83 83<\/a><br><a href=\"mailto:morges@orif.ch\">morges@orif.ch<\/a><\/p><\/div><\/div><div class=\"vce-text-block\"><div class=\"vce-text-block-wrapper vce\" id=\"el-931de972\" data-vce-do-apply=\"all el-931de972\"><a class=\"button\" href=\"http:\/\/www.orif.ch\" target=\"_blank\" rel=\"noopener noreferrer\">mehr<\/a><\/div><\/div><\/div><\/div><\/div><div class=\"vce-col vce-col--md-33-33p vce-col--xs-1 vce-col--xs-last vce-col--xs-first vce-col--sm-last vce-col--sm-first col-medium-left  col-small-right\" id=\"el-c4b534c5\"><div class=\"vce-col-inner\" data-vce-do-apply=\"border margin background  el-c4b534c5\"><div class=\"vce-col-content\" data-vce-element-content=\"true\" data-vce-do-apply=\"padding el-c4b534c5\"><div class=\"vce-text-block\"><div class=\"vce-text-block-wrapper vce\" id=\"el-9e087ba3\" data-vce-do-apply=\"all el-9e087ba3\"><p><strong>WOSTEP - Centre Suisse de formation et de perfectionnement horloger<br><\/strong>Rue des Saars 99, 2000 Neuch\u00e2tel<br><a href=\"tel:0327290030\">Tel. 032&nbsp;729&nbsp;00&nbsp;30<\/a><br><a href=\"mailto:wostep@wostep.ch\">wostep@wostep.ch<\/a><\/p><\/div><\/div><div class=\"vce-text-block\"><div class=\"vce-text-block-wrapper vce\" id=\"el-5314e686\" data-vce-do-apply=\"all el-5314e686\"><a class=\"button\" href=\"https:\/\/www.wostep.ch\" target=\"_blank\" rel=\"noopener noreferrer\">mehr<\/a><\/div><\/div><\/div><\/div><\/div><div class=\"vce-col vce-col--md-33-33p vce-col--xs-1 vce-col--xs-last vce-col--xs-first vce-col--sm-last vce-col--sm-first vce-col--md-last vce-col--lg-last vce-col--xl-last col-medium-left\" id=\"el-53e5fa5b\"><div class=\"vce-col-inner\" data-vce-do-apply=\"border margin background  el-53e5fa5b\"><div class=\"vce-col-content\" data-vce-element-content=\"true\" data-vce-do-apply=\"padding el-53e5fa5b\"><\/div><\/div><\/div><\/div><\/div><\/div><div class=\"vce-row-container\" data-vce-boxed-width=\"true\"><div class=\"vce-row vce-row--col-gap-30 padding-bottom vce-row-columns--top vce-row-content--top\" id=\"el-12253dbc\" data-vce-do-apply=\"all el-12253dbc\"><div class=\"vce-row-content\" data-vce-element-content=\"true\"><div class=\"vce-col vce-col--md-100p vce-col--xs-1 vce-col--xs-last vce-col--xs-first vce-col--sm-last vce-col--sm-first vce-col--md-last vce-col--lg-last vce-col--xl-last vce-col--md-first vce-col--lg-first vce-col--xl-first\" id=\"el-65b13efa\"><div class=\"vce-col-inner\" data-vce-do-apply=\"border margin background  el-65b13efa\"><div class=\"vce-col-content\" data-vce-element-content=\"true\" data-vce-do-apply=\"padding el-65b13efa\"><\/div><\/div><\/div><\/div><\/div><\/div><div class=\"vce-row-container\" data-vce-boxed-width=\"true\"><div class=\"vce-row vce-row--col-gap-30 txt-grey-background vce-row-columns--top vce-row-content--top\" id=\"el-f68d915e\" data-vce-do-apply=\"all el-f68d915e\"><div class=\"vce-row-content\" data-vce-element-content=\"true\"><div class=\"vce-col vce-col--md-100p vce-col--xs-1 vce-col--xs-last vce-col--xs-first vce-col--sm-last vce-col--sm-first vce-col--md-last vce-col--lg-last vce-col--xl-last vce-col--md-first vce-col--lg-first vce-col--xl-first col-small-left padding-top\" id=\"el-f997b1a0\"><div class=\"vce-col-inner\" data-vce-do-apply=\"border margin background  el-f997b1a0\"><div class=\"vce-col-content\" data-vce-element-content=\"true\" data-vce-do-apply=\"padding el-f997b1a0\"><div class=\"vce-text-block\"><div class=\"vce-text-block-wrapper vce\" id=\"el-ac8c04d2\" data-vce-do-apply=\"all el-ac8c04d2\"><h2>Ingenieurschulen der Uhrmacherregion (\u00abArc horloger\u00bb)<\/h2><\/div><\/div><\/div><\/div><\/div><\/div><\/div><\/div><div class=\"vce-row-container\" data-vce-boxed-width=\"true\"><div class=\"vce-row vce-row--col-gap-0 txt-grey-background vce-row-columns--top vce-row-content--top\" id=\"el-dd769e45\" data-vce-do-apply=\"all el-dd769e45\"><div class=\"vce-row-content\" data-vce-element-content=\"true\"><div class=\"vce-col vce-col--md-33-33p vce-col--xs-1 vce-col--xs-last vce-col--xs-first vce-col--sm-last vce-col--sm-first vce-col--md-first vce-col--lg-first vce-col--xl-first col-medium-left  col-small-right\" id=\"el-5d68d24f\"><div class=\"vce-col-inner\" data-vce-do-apply=\"border margin background  el-5d68d24f\"><div class=\"vce-col-content\" data-vce-element-content=\"true\" data-vce-do-apply=\"padding el-5d68d24f\"><div class=\"vce-text-block\"><div class=\"vce-text-block-wrapper vce\" id=\"el-39e035a1\" data-vce-do-apply=\"all el-39e035a1\"><p><strong>HES-SO Gen\u00e8ve<br>Haute \u00e9cole du paysage, d'ing\u00e9nierie et d'architecture de Gen\u00e8ve (hepia)<br><\/strong>Rue de la Prairie 4, 1202 Gen\u00e8ve<br><a href=\"tel:0225462400\">Tel. 022&nbsp;546&nbsp;24&nbsp;00<\/a><br><a href=\"mailto:hepia@hesge.ch\">hepia@hesge.ch<\/a><\/p><\/div><\/div><div class=\"vce-text-block\"><div class=\"vce-text-block-wrapper vce\" id=\"el-4237cbf0\" data-vce-do-apply=\"all el-4237cbf0\"><a class=\"button\" href=\"http:\/\/hepia.hesge.ch\/l\/\" target=\"_blank\" rel=\"noopener noreferrer\">mehr<\/a><\/div><\/div><\/div><\/div><\/div><div class=\"vce-col vce-col--md-33-33p vce-col--xs-1 vce-col--xs-last vce-col--xs-first vce-col--sm-last vce-col--sm-first col-medium-left  col-small-right\" id=\"el-32153818\"><div class=\"vce-col-inner\" data-vce-do-apply=\"border margin background  el-32153818\"><div class=\"vce-col-content\" data-vce-element-content=\"true\" data-vce-do-apply=\"padding el-32153818\"><div class=\"vce-text-block\"><div class=\"vce-text-block-wrapper vce\" id=\"el-d141f7ad\" data-vce-do-apply=\"all el-d141f7ad\"><p><strong>HES-SO Vaud<br>Haute Ecole d'ing\u00e9nierie et de gestion&nbsp;du Canton de Vaud (HEIG-VD)<br><\/strong>Rte de Cheseaux 1, 1401 Yverdon-les-Bains<br><a href=\"tel:0245576330\">Tel. 024&nbsp;557&nbsp;63 30<\/a><br><a href=\"mailto:info@heig-vd.ch\">info@heig-vd.ch<\/a><\/p><\/div><\/div><div class=\"vce-text-block\"><div class=\"vce-text-block-wrapper vce\" id=\"el-9f55dd30\" data-vce-do-apply=\"all el-9f55dd30\"><a class=\"button\" href=\"https:\/\/www.heig-vd.ch\" target=\"_blank\" rel=\"noopener noreferrer\">mehr<\/a><\/div><\/div><\/div><\/div><\/div><div class=\"vce-col vce-col--md-33-33p vce-col--xs-1 vce-col--xs-last vce-col--xs-first vce-col--sm-last vce-col--sm-first vce-col--md-last vce-col--lg-last vce-col--xl-last col-medium-left col-small-right\" id=\"el-e2a9214b\"><div class=\"vce-col-inner\" data-vce-do-apply=\"border margin background  el-e2a9214b\"><div class=\"vce-col-content\" data-vce-element-content=\"true\" data-vce-do-apply=\"padding el-e2a9214b\"><div class=\"vce-text-block\"><div class=\"vce-text-block-wrapper vce\" id=\"el-e34607a4\" data-vce-do-apply=\"all el-e34607a4\"><p><strong>HES-SO ARC<br>Haute Ecole&nbsp;Arc&nbsp;Ing\u00e9nierie (HE-ARC Ing\u00e9nierie)<br><\/strong>Site du Locle<br>Av. H\u00f4tel-de-Ville 7, 2400 Le Locle<br><a href=\"tel:0329301313\">Tel. 032&nbsp;930&nbsp;13&nbsp;13<\/a><br><a href=\"mailto:ingenierie@he-arc.ch\">ingenierie@he-arc.ch&nbsp;<\/a><\/p><\/div><\/div><div class=\"vce-text-block\"><div class=\"vce-text-block-wrapper vce\" id=\"el-17a6ab12\" data-vce-do-apply=\"all el-17a6ab12\"><a class=\"button\" href=\"http:\/\/ingenierie.he-arc.ch\/\" target=\"_blank\" rel=\"noopener noreferrer\">mehr<\/a><\/div><\/div><\/div><\/div><\/div><\/div><\/div><\/div><div class=\"vce-row-container\" data-vce-boxed-width=\"true\"><div class=\"vce-row vce-row--col-gap-0 txt-grey-background padding-bottom vce-row-columns--top vce-row-content--top\" id=\"el-0afb414c\" data-vce-do-apply=\"all el-0afb414c\"><div class=\"vce-row-content\" data-vce-element-content=\"true\"><div class=\"vce-col vce-col--md-33-33p vce-col--xs-1 vce-col--xs-last vce-col--xs-first vce-col--sm-last vce-col--sm-first vce-col--md-first vce-col--lg-first vce-col--xl-first col-medium-left  col-small-right\" id=\"el-54d2e14c\"><div class=\"vce-col-inner\" data-vce-do-apply=\"border margin background  el-54d2e14c\"><div class=\"vce-col-content\" data-vce-element-content=\"true\" data-vce-do-apply=\"padding el-54d2e14c\"><div class=\"vce-text-block\"><div class=\"vce-text-block-wrapper vce\" id=\"el-3bbc320d\" data-vce-do-apply=\"all el-3bbc320d\"><p><strong>HES-SO ARC<br>Haute Ecole&nbsp;Arc&nbsp;Ing\u00e9nierie (HE-ARC Ing\u00e9nierie)<br><\/strong>Site du Locle<br>Av. H\u00f4tel-de-Ville 7, 2400 Le Locle<br><a href=\"tel:0329301313\">Tel. 032&nbsp;930&nbsp;13&nbsp;13<\/a><br><a href=\"mailto:ingenierie@he-arc.ch\">ingenierie@he-arc.ch<\/a><\/p><\/div><\/div><div class=\"vce-text-block\"><div class=\"vce-text-block-wrapper vce\" id=\"el-07f57aac\" data-vce-do-apply=\"all el-07f57aac\"><a class=\"button\" href=\"http:\/\/ingenierie.he-arc.ch\/\" target=\"_blank\" rel=\"noopener noreferrer\">mehr<\/a><\/div><\/div><\/div><\/div><\/div><div class=\"vce-col vce-col--md-33-33p vce-col--xs-1 vce-col--xs-last vce-col--xs-first vce-col--sm-last vce-col--sm-first col-medium-left  col-small-right\" id=\"el-88559d80\"><div class=\"vce-col-inner\" data-vce-do-apply=\"border margin background  el-88559d80\"><div class=\"vce-col-content\" data-vce-element-content=\"true\" data-vce-do-apply=\"padding el-88559d80\"><div class=\"vce-text-block\"><div class=\"vce-text-block-wrapper vce\" id=\"el-4844f2cc\" data-vce-do-apply=\"all el-4844f2cc\"><p><strong>Haute \u00e9cole sp\u00e9cialis\u00e9e bernoise (HESB)<br>Technique et informatique<\/strong><br>Rue de la Source 21, 2502 Biel\/Bienne, case postale, 2501 Bienne<br><a href=\"tel:0848484950\">Tel. 0848 48 49 50<\/a><br><a href=\"mailto:office.ti-bi@bfh.ch\">office.ti-bi@bfh.ch<\/a><\/p><\/div><\/div><div class=\"vce-text-block\"><div class=\"vce-text-block-wrapper vce\" id=\"el-cce7b135\" data-vce-do-apply=\"all el-cce7b135\"><a class=\"button\" href=\"http:\/\/www.ti.bfh.ch\" target=\"_blank\" rel=\"noopener noreferrer\">mehr<\/a><\/div><\/div><\/div><\/div><\/div><div class=\"vce-col vce-col--md-33-33p vce-col--xs-1 vce-col--xs-last vce-col--xs-first vce-col--sm-last vce-col--sm-first vce-col--md-last vce-col--lg-last vce-col--xl-last col-medium-left\" id=\"el-9dd957b3\"><div class=\"vce-col-inner\" data-vce-do-apply=\"border margin background  el-9dd957b3\"><div class=\"vce-col-content\" data-vce-element-content=\"true\" data-vce-do-apply=\"padding el-9dd957b3\"><\/div><\/div><\/div><\/div><\/div><\/div><div class=\"vce-row-container\" data-vce-boxed-width=\"true\"><div class=\"vce-row vce-row--col-gap-30 vce-row-columns--top vce-row-content--top\" id=\"el-97d6eb4c\" data-vce-do-apply=\"all el-97d6eb4c\"><div class=\"vce-row-content\" data-vce-element-content=\"true\"><div class=\"vce-col vce-col--md-100p vce-col--xs-1 vce-col--xs-last vce-col--xs-first vce-col--sm-last vce-col--sm-first vce-col--md-last vce-col--lg-last vce-col--xl-last vce-col--md-first vce-col--lg-first vce-col--xl-first\" id=\"el-0ea9b84f\"><div class=\"vce-col-inner\" data-vce-do-apply=\"border margin background  el-0ea9b84f\"><div class=\"vce-col-content\" data-vce-element-content=\"true\" data-vce-do-apply=\"padding el-0ea9b84f\"><\/div><\/div><\/div><\/div><\/div><\/div>\n","protected":false},"excerpt":{"rendered":"<p>Technische FachschulenCEFF &#8211; Centre de formation professionnelle Berne francophoneINDUSTRIERue B.-Savoye 26, 2610 St-ImierTel. 032 942 43 44industrie@ceff.chmehrCEJEF- Division techniqueCit\u00e9 des Microtechniques, 2900 PorrentruyTel. 032&nbsp;465&nbsp;35&nbsp;50info@divtec.chmehrCFP Biel-Bienne &#8211; Lyc\u00e9e TechniqueRue de la Gabelle 18, Case postale 4264, 2500 Bienne 4Tel. 032&nbsp;344&nbsp;38 11lt@cfp-bienne.chmehrCFPT- Ecole d&#8217;horlogerieRoute du Pont-Butin 43, 1213 Petit-Lancy 1Tel. 022&nbsp;388&nbsp;87 09secretariat-cfpt@etat.ge.chmehrCIFOM &#8211; Centre interr\u00e9gional de formation &hellip; <\/p>\n<p class=\"link-more\"><a href=\"https:\/\/metiers-horlogerie.ch\/de\/kontakt\/\" class=\"more-link\"><span class=\"screen-reader-text\">\u201eKontakt\u201c <\/span>weiterlesen<\/a><\/p>\n","protected":false},"author":1,"featured_media":756,"parent":0,"menu_order":0,"comment_status":"closed","ping_status":"closed","template":"template-contact.php","meta":{"_acf_changed":false,"_monsterinsights_skip_tracking":false,"_monsterinsights_sitenote_active":false,"_monsterinsights_sitenote_note":"","_monsterinsights_sitenote_category":0,"footnotes":""},"class_list":["post-344","page","type-page","status-publish","has-post-thumbnail","hentry"],"acf":[],"yoast_head":"<!-- This site is optimized with the Yoast SEO plugin v27.4 - https:\/\/yoast.com\/product\/yoast-seo-wordpress\/ -->\n<title>Kontakt - M\u00e9tiers de l&#039;horlogerie<\/title>\n<meta name=\"robots\" content=\"index, follow, max-snippet:-1, max-image-preview:large, max-video-preview:-1\" \/>\n<link rel=\"canonical\" href=\"https:\/\/metiers-horlogerie.ch\/de\/kontakt\/\" \/>\n<meta property=\"og:locale\" content=\"de_DE\" \/>\n<meta property=\"og:type\" content=\"article\" \/>\n<meta property=\"og:title\" content=\"Kontakt - M\u00e9tiers de l&#039;horlogerie\" \/>\n<meta property=\"og:description\" content=\"Technische FachschulenCEFF - Centre de formation professionnelle Berne francophoneINDUSTRIERue B.-Savoye 26, 2610 St-ImierTel. 032 942 43 44industrie@ceff.chmehrCEJEF- Division techniqueCit\u00e9 des Microtechniques, 2900 PorrentruyTel. 032&nbsp;465&nbsp;35&nbsp;50info@divtec.chmehrCFP Biel-Bienne - Lyc\u00e9e TechniqueRue de la Gabelle 18, Case postale 4264, 2500 Bienne 4Tel. 032&nbsp;344&nbsp;38 11lt@cfp-bienne.chmehrCFPT- Ecole d&#039;horlogerieRoute du Pont-Butin 43, 1213 Petit-Lancy 1Tel. 022&nbsp;388&nbsp;87 09secretariat-cfpt@etat.ge.chmehrCIFOM - Centre interr\u00e9gional de formation &hellip; \u201eKontakt\u201c weiterlesen\" \/>\n<meta property=\"og:url\" content=\"https:\/\/metiers-horlogerie.ch\/de\/kontakt\/\" \/>\n<meta property=\"og:site_name\" content=\"M\u00e9tiers de l&#039;horlogerie\" \/>\n<meta property=\"article:modified_time\" content=\"2021-03-23T08:36:07+00:00\" \/>\n<meta property=\"og:image\" content=\"https:\/\/metiers-horlogerie.ch\/wp-content\/uploads\/page-contact.jpg\" \/>\n\t<meta property=\"og:image:width\" content=\"1030\" \/>\n\t<meta property=\"og:image:height\" content=\"860\" \/>\n\t<meta property=\"og:image:type\" content=\"image\/jpeg\" \/>\n<meta name=\"twitter:card\" content=\"summary_large_image\" \/>\n<meta name=\"twitter:label1\" content=\"Gesch\u00e4tzte Lesezeit\" \/>\n\t<meta name=\"twitter:data1\" content=\"2\u00a0Minuten\" \/>\n<script type=\"application\/ld+json\" class=\"yoast-schema-graph\">{\"@context\":\"https:\\\/\\\/schema.org\",\"@graph\":[{\"@type\":\"WebPage\",\"@id\":\"https:\\\/\\\/metiers-horlogerie.ch\\\/de\\\/kontakt\\\/\",\"url\":\"https:\\\/\\\/metiers-horlogerie.ch\\\/de\\\/kontakt\\\/\",\"name\":\"Kontakt - M\u00e9tiers de l&#039;horlogerie\",\"isPartOf\":{\"@id\":\"https:\\\/\\\/metiers-horlogerie.ch\\\/#website\"},\"primaryImageOfPage\":{\"@id\":\"https:\\\/\\\/metiers-horlogerie.ch\\\/de\\\/kontakt\\\/#primaryimage\"},\"image\":{\"@id\":\"https:\\\/\\\/metiers-horlogerie.ch\\\/de\\\/kontakt\\\/#primaryimage\"},\"thumbnailUrl\":\"https:\\\/\\\/metiers-horlogerie.ch\\\/wp-content\\\/uploads\\\/page-contact.jpg\",\"datePublished\":\"2018-09-10T06:32:24+00:00\",\"dateModified\":\"2021-03-23T08:36:07+00:00\",\"breadcrumb\":{\"@id\":\"https:\\\/\\\/metiers-horlogerie.ch\\\/de\\\/kontakt\\\/#breadcrumb\"},\"inLanguage\":\"de\",\"potentialAction\":[{\"@type\":\"ReadAction\",\"target\":[\"https:\\\/\\\/metiers-horlogerie.ch\\\/de\\\/kontakt\\\/\"]}]},{\"@type\":\"ImageObject\",\"inLanguage\":\"de\",\"@id\":\"https:\\\/\\\/metiers-horlogerie.ch\\\/de\\\/kontakt\\\/#primaryimage\",\"url\":\"https:\\\/\\\/metiers-horlogerie.ch\\\/wp-content\\\/uploads\\\/page-contact.jpg\",\"contentUrl\":\"https:\\\/\\\/metiers-horlogerie.ch\\\/wp-content\\\/uploads\\\/page-contact.jpg\",\"width\":1030,\"height\":860},{\"@type\":\"BreadcrumbList\",\"@id\":\"https:\\\/\\\/metiers-horlogerie.ch\\\/de\\\/kontakt\\\/#breadcrumb\",\"itemListElement\":[{\"@type\":\"ListItem\",\"position\":1,\"name\":\"Accueil\",\"item\":\"https:\\\/\\\/metiers-horlogerie.ch\\\/de\\\/\"},{\"@type\":\"ListItem\",\"position\":2,\"name\":\"Kontakt\"}]},{\"@type\":\"WebSite\",\"@id\":\"https:\\\/\\\/metiers-horlogerie.ch\\\/#website\",\"url\":\"https:\\\/\\\/metiers-horlogerie.ch\\\/\",\"name\":\"M\u00e9tiers de l&#039;horlogerie\",\"description\":\"D\u00e9couvrir les m\u00e9tiers li\u00e9s \u00e0 l&#039;horlogerie\",\"potentialAction\":[{\"@type\":\"SearchAction\",\"target\":{\"@type\":\"EntryPoint\",\"urlTemplate\":\"https:\\\/\\\/metiers-horlogerie.ch\\\/?s={search_term_string}\"},\"query-input\":{\"@type\":\"PropertyValueSpecification\",\"valueRequired\":true,\"valueName\":\"search_term_string\"}}],\"inLanguage\":\"de\"}]}<\/script>\n<!-- \/ Yoast SEO plugin. -->","yoast_head_json":{"title":"Kontakt - M\u00e9tiers de l&#039;horlogerie","robots":{"index":"index","follow":"follow","max-snippet":"max-snippet:-1","max-image-preview":"max-image-preview:large","max-video-preview":"max-video-preview:-1"},"canonical":"https:\/\/metiers-horlogerie.ch\/de\/kontakt\/","og_locale":"de_DE","og_type":"article","og_title":"Kontakt - M\u00e9tiers de l&#039;horlogerie","og_description":"Technische FachschulenCEFF - Centre de formation professionnelle Berne francophoneINDUSTRIERue B.-Savoye 26, 2610 St-ImierTel. 032 942 43 44industrie@ceff.chmehrCEJEF- Division techniqueCit\u00e9 des Microtechniques, 2900 PorrentruyTel. 032&nbsp;465&nbsp;35&nbsp;50info@divtec.chmehrCFP Biel-Bienne - Lyc\u00e9e TechniqueRue de la Gabelle 18, Case postale 4264, 2500 Bienne 4Tel. 032&nbsp;344&nbsp;38 11lt@cfp-bienne.chmehrCFPT- Ecole d'horlogerieRoute du Pont-Butin 43, 1213 Petit-Lancy 1Tel. 022&nbsp;388&nbsp;87 09secretariat-cfpt@etat.ge.chmehrCIFOM - Centre interr\u00e9gional de formation &hellip; \u201eKontakt\u201c weiterlesen","og_url":"https:\/\/metiers-horlogerie.ch\/de\/kontakt\/","og_site_name":"M\u00e9tiers de l&#039;horlogerie","article_modified_time":"2021-03-23T08:36:07+00:00","og_image":[{"width":1030,"height":860,"url":"https:\/\/metiers-horlogerie.ch\/wp-content\/uploads\/page-contact.jpg","type":"image\/jpeg"}],"twitter_card":"summary_large_image","twitter_misc":{"Gesch\u00e4tzte Lesezeit":"2\u00a0Minuten"},"schema":{"@context":"https:\/\/schema.org","@graph":[{"@type":"WebPage","@id":"https:\/\/metiers-horlogerie.ch\/de\/kontakt\/","url":"https:\/\/metiers-horlogerie.ch\/de\/kontakt\/","name":"Kontakt - M\u00e9tiers de l&#039;horlogerie","isPartOf":{"@id":"https:\/\/metiers-horlogerie.ch\/#website"},"primaryImageOfPage":{"@id":"https:\/\/metiers-horlogerie.ch\/de\/kontakt\/#primaryimage"},"image":{"@id":"https:\/\/metiers-horlogerie.ch\/de\/kontakt\/#primaryimage"},"thumbnailUrl":"https:\/\/metiers-horlogerie.ch\/wp-content\/uploads\/page-contact.jpg","datePublished":"2018-09-10T06:32:24+00:00","dateModified":"2021-03-23T08:36:07+00:00","breadcrumb":{"@id":"https:\/\/metiers-horlogerie.ch\/de\/kontakt\/#breadcrumb"},"inLanguage":"de","potentialAction":[{"@type":"ReadAction","target":["https:\/\/metiers-horlogerie.ch\/de\/kontakt\/"]}]},{"@type":"ImageObject","inLanguage":"de","@id":"https:\/\/metiers-horlogerie.ch\/de\/kontakt\/#primaryimage","url":"https:\/\/metiers-horlogerie.ch\/wp-content\/uploads\/page-contact.jpg","contentUrl":"https:\/\/metiers-horlogerie.ch\/wp-content\/uploads\/page-contact.jpg","width":1030,"height":860},{"@type":"BreadcrumbList","@id":"https:\/\/metiers-horlogerie.ch\/de\/kontakt\/#breadcrumb","itemListElement":[{"@type":"ListItem","position":1,"name":"Accueil","item":"https:\/\/metiers-horlogerie.ch\/de\/"},{"@type":"ListItem","position":2,"name":"Kontakt"}]},{"@type":"WebSite","@id":"https:\/\/metiers-horlogerie.ch\/#website","url":"https:\/\/metiers-horlogerie.ch\/","name":"M\u00e9tiers de l&#039;horlogerie","description":"D\u00e9couvrir les m\u00e9tiers li\u00e9s \u00e0 l&#039;horlogerie","potentialAction":[{"@type":"SearchAction","target":{"@type":"EntryPoint","urlTemplate":"https:\/\/metiers-horlogerie.ch\/?s={search_term_string}"},"query-input":{"@type":"PropertyValueSpecification","valueRequired":true,"valueName":"search_term_string"}}],"inLanguage":"de"}]}},"_links":{"self":[{"href":"https:\/\/metiers-horlogerie.ch\/de\/wp-json\/wp\/v2\/pages\/344","targetHints":{"allow":["GET"]}}],"collection":[{"href":"https:\/\/metiers-horlogerie.ch\/de\/wp-json\/wp\/v2\/pages"}],"about":[{"href":"https:\/\/metiers-horlogerie.ch\/de\/wp-json\/wp\/v2\/types\/page"}],"author":[{"embeddable":true,"href":"https:\/\/metiers-horlogerie.ch\/de\/wp-json\/wp\/v2\/users\/1"}],"replies":[{"embeddable":true,"href":"https:\/\/metiers-horlogerie.ch\/de\/wp-json\/wp\/v2\/comments?post=344"}],"version-history":[{"count":6,"href":"https:\/\/metiers-horlogerie.ch\/de\/wp-json\/wp\/v2\/pages\/344\/revisions"}],"predecessor-version":[{"id":3467,"href":"https:\/\/metiers-horlogerie.ch\/de\/wp-json\/wp\/v2\/pages\/344\/revisions\/3467"}],"wp:featuredmedia":[{"embeddable":true,"href":"https:\/\/metiers-horlogerie.ch\/de\/wp-json\/wp\/v2\/media\/756"}],"wp:attachment":[{"href":"https:\/\/metiers-horlogerie.ch\/de\/wp-json\/wp\/v2\/media?parent=344"}],"curies":[{"name":"wp","href":"https:\/\/api.w.org\/{rel}","templated":true}]}}